{"id":8,"date":"2017-04-29T19:38:13","date_gmt":"2017-04-29T19:38:13","guid":{"rendered":"http:\/\/www.eurokeramia.hu\/?page_id=8"},"modified":"2024-07-11T13:45:15","modified_gmt":"2024-07-11T11:45:15","slug":"nevjegy","status":"publish","type":"page","link":"https:\/\/www.eurokeramia.hu\/index.php\/nevjegy\/","title":{"rendered":"R\u00f3lunk"},"content":{"rendered":"<p>C\u00e9g\u00fcnk kiz\u00e1r\u00f3lag magyar tulajdonban lev\u0151 v\u00e1llalkoz\u00e1sk\u00e9nt alakult 1995-ben. Dolgoz\u00f3ink l\u00e9tsz\u00e1m\u00e1t a kezdetekt\u0151l folyamatosan n\u00f6velt\u00fck az egyre n\u00f6vekv\u0151 v\u00e1s\u00e1rl\u00f3 ig\u00e9nyek gyorsabb, hat\u00e9konyabb kiszolg\u00e1l\u00e1sa \u00e9rdek\u00e9ben. Az elm\u00falt id\u0151szak alatt partnerkapcsolataink jelent\u0151sen b\u0151v\u00fcltek, c\u00e9g\u00fcnket egyre t\u00f6bb eur\u00f3pai, f\u0151k\u00e9nt olasz, spanyol, portug\u00e1l n\u00e9met \u00e9s magyar gy\u00e1rak keresik fel \u00fczletk\u00f6t\u00e9s c\u00e9lj\u00e1b\u00f3l.<\/p>\n<p>Telephely\u00fcnk folyamatos k\u00e9szletmennyis\u00e9ge fal- \u00e9s padl\u00f3burkol\u00f3 lapokb\u00f3l kb. 40000-50000 m2, melynek v\u00e1laszt\u00e9k\u00e1ban a hazai \u00e9s a k\u00fclf\u00f6ldi gy\u00e1rak term\u00e9kei egyar\u00e1nt megtal\u00e1lhat\u00f3k az egyszer\u0171t\u0151l az exkluz\u00edvig. Ezzel a k\u00e9szletmennyis\u00e9ggel nagyobb beruh\u00e1z\u00e1sokhoz is azonnali kiszolg\u00e1l\u00e1st tudunk biztos\u00edtani.<\/p>\n<p>A hidegburkol\u00e1shoz sz\u00fcks\u00e9ges zs\u00e1kos ragaszt\u00f3k sz\u00e9les v\u00e1laszt\u00e9k\u00e1t tartjuk folyamatosan rakt\u00e1rk\u00e9szleten, mert a burkol\u00f3anyagok ragaszt\u00e1s technikai szempontb\u00f3l megk\u00f6vetelik a megfelel\u0151 ragaszt\u00f3anyag felhaszn\u00e1l\u00e1s\u00e1t.<\/p>\n<p>K\u00edn\u00e1latunk, bemutat\u00f3 f\u00fcrd\u0151szob\u00e1ink folyamatosan alakulnak, az \u00faj trendek bemutat\u00e1s\u00e1t a k\u00f6zel 500 m2-es bemutat\u00f3 term\u00fcnkben a h\u00e9t minden napj\u00e1n megtekinthetik.<\/p>\n<p>Imm\u00e1r 16 \u00e9ve meghat\u00e1roz\u00f3 \u00e9s biztos pontja a szolnoki \u00e9p\u00edt\u0151iparnak c\u00e9g\u00fcnk, az Euroker\u00e1mia Kft. M\u00e1r bizony\u00edtottuk, hogy mind szakmailag, mind etikailag megb\u00edzhatnak benn\u00fcnk tisztelt v\u00e1s\u00e1rl\u00f3ink.<br>\nT\u00f6bb\u00e9ves tapasztalatunk birtok\u00e1ban praktikummal tudjuk megt\u00f6lteni az \u00e9ppen divatos \u00faj ir\u00e1nyzatokat is.<br>\nV\u00e1laszt\u00e9kunkban megtal\u00e1lhat\u00f3ak burkol\u00f3anyagok&nbsp;a minim\u00e1l st\u00edlust\u00f3l a klasszikuson \u00e1t a mediterr\u00e1n jelleg\u0171ig.<br>\nPr\u00f3b\u00e1lunk lehet\u0151s\u00e9get ny\u00fajtani mindenkinek, hogy&nbsp;ig\u00e9ny\u00e9nek \u00e9s tetsz\u00e9s\u00e9nek&nbsp;megfelel\u0151en az \u00e1rban nagyon<br>\nkedvez\u0151 <strong>akci\u00f3s<\/strong> term\u00e9kekt\u0151l az <strong>exclusive<\/strong>-ig v\u00e1laszthasson.<\/p>\n<p>Folyamatosan b\u0151v\u00edtj\u00fck kapcsolatainkat burkolatgy\u00e1rt\u00f3 c\u00e9gekkel, akik&nbsp;meg\u00fajul\u00e1st hoznak \u00e1ruh\u00e1zunkba mindamellett,<br>\nhogy \u00e1lland\u00f3 min\u0151s\u00e9get garant\u00e1lnak.&nbsp;De nem csak &nbsp;term\u00e9kpalett\u00e1nk b\u0151v\u00edt\u00e9s\u00e9vel,&nbsp;hanem honlapunk friss\u00edt\u00e9s\u00e9vel is<br>\nszeretn\u00e9nk minden koroszt\u00e1ly ig\u00e9ny\u00e9t kiel\u00e9g\u00edteni.<\/p>\n<p>Folyamatosan megjelen\u0151 <strong>cikkeinkkel<\/strong> pr\u00f3b\u00e1ljuk seg\u00edteni, \u00f6tletekkel gazdag\u00edtani az \u00e9p\u00edtkez\u0151k, fel\u00faj\u00edt\u00f3k k\u00f6r\u00e9t.<\/p>\n<p>Sz\u00edvesen fogadjuk,&nbsp;ha k\u00e9rd\u00e9se van b\u00e1rmelyik term\u00e9k\u00fcnkkel, szolg\u00e1ltat\u00e1sunkkal kapcsolatban.<\/p>\n\n\n<p><\/p>\n","protected":false},"excerpt":{"rendered":"<p>C\u00e9g\u00fcnk kiz\u00e1r\u00f3lag magyar tulajdonban lev\u0151 v\u00e1llalkoz\u00e1sk\u00e9nt alakult 1995-ben. Dolgoz\u00f3ink l\u00e9tsz\u00e1m\u00e1t a kezdetekt\u0151l folyamatosan n\u00f6velt\u00fck az egyre n\u00f6vekv\u0151 v\u00e1s\u00e1rl\u00f3 ig\u00e9nyek gyorsabb, hat\u00e9konyabb kiszolg\u00e1l\u00e1sa \u00e9rdek\u00e9ben. Az elm\u00falt id\u0151szak alatt partnerkapcsolataink jelent\u0151sen b\u0151v\u00fcltek, c\u00e9g\u00fcnket egyre t\u00f6bb eur\u00f3pai, f\u0151k\u00e9nt olasz, spanyol, portug\u00e1l n\u00e9met \u00e9s magyar gy\u00e1rak keresik fel \u00fczletk\u00f6t\u00e9s c\u00e9lj\u00e1b\u00f3l. Telephely\u00fcnk folyamatos k\u00e9szletmennyis\u00e9ge fal- \u00e9s padl\u00f3burkol\u00f3 lapokb\u00f3l kb. 40000-50000 &hellip; <\/p>\n<p class=\"link-more\"><a href=\"https:\/\/www.eurokeramia.hu\/index.php\/nevjegy\/\" class=\"more-link\"><span class=\"screen-reader-text\">&#8222;R\u00f3lunk&#8221;<\/span> b\u0151vebben<\/a><\/p>\n","protected":false},"author":1,"featured_media":0,"parent":0,"menu_order":0,"comment_status":"closed","ping_status":"closed","template":"","meta":{"jetpack_post_was_ever_published":false,"footnotes":""},"jetpack_sharing_enabled":true,"jetpack_shortlink":"https:\/\/wp.me\/P9XEfX-8","_links":{"self":[{"href":"https:\/\/www.eurokeramia.hu\/index.php\/wp-json\/wp\/v2\/pages\/8"}],"collection":[{"href":"https:\/\/www.eurokeramia.hu\/index.php\/wp-json\/wp\/v2\/pages"}],"about":[{"href":"https:\/\/www.eurokeramia.hu\/index.php\/wp-json\/wp\/v2\/types\/page"}],"author":[{"embeddable":true,"href":"https:\/\/www.eurokeramia.hu\/index.php\/wp-json\/wp\/v2\/users\/1"}],"replies":[{"embeddable":true,"href":"https:\/\/www.eurokeramia.hu\/index.php\/wp-json\/wp\/v2\/comments?post=8"}],"version-history":[{"count":3,"href":"https:\/\/www.eurokeramia.hu\/index.php\/wp-json\/wp\/v2\/pages\/8\/revisions"}],"predecessor-version":[{"id":400,"href":"https:\/\/www.eurokeramia.hu\/index.php\/wp-json\/wp\/v2\/pages\/8\/revisions\/400"}],"wp:attachment":[{"href":"https:\/\/www.eurokeramia.hu\/index.php\/wp-json\/wp\/v2\/media?parent=8"}],"curies":[{"name":"wp","href":"https:\/\/api.w.org\/{rel}","templated":true}]}}